{"id":7792,"date":"2022-03-01T17:49:37","date_gmt":"2022-03-01T16:49:37","guid":{"rendered":"https:\/\/yachtprospain.com\/?page_id=7792"},"modified":"2022-11-23T09:34:31","modified_gmt":"2022-11-23T08:34:31","slug":"paracaidas-marbella","status":"publish","type":"page","link":"https:\/\/yachtprospain.com\/fr\/paracaidas-marbella\/","title":{"rendered":"Parachute"},"content":{"rendered":"<div id=\"fws_69ef7c586b464\"  data-column-margin=\"default\" data-midnight=\"light\" data-top-percent=\"4%\" data-bottom-percent=\"4%\"  class=\"wpb_row vc_row-fluid vc_row full-width-section parallax_section\"  style=\"padding-top: calc(100vw * 0.04); padding-bottom: calc(100vw * 0.04); \"><div class=\"row-bg-wrap\" data-bg-animation=\"none\" data-bg-animation-delay=\"\" data-bg-overlay=\"true\"><div class=\"inner-wrap row-bg-layer using-image\" ><div class=\"row-bg viewport-desktop using-image using-bg-color\" data-parallax-speed=\"fast\" style=\"background-image: url(https:\/\/yachtprospain.com\/wp-content\/uploads\/2022\/11\/paracaidas-marbella-1.jpg); background-position: center center; background-repeat: no-repeat; background-color: #ffffff; \"><\/div><\/div><div class=\"row-bg-overlay row-bg-layer\" style=\"background-color:#0a0a0a;  opacity: 0.5; \"><\/div><\/div><div class=\"row_col_wrap_12 col span_12 light left\">\n\t<div  class=\"vc_col-sm-12 wpb_column column_container vc_column_container col no-extra-padding inherit_tablet inherit_phone\"  data-padding-pos=\"all\" data-has-bg-color=\"false\" data-bg-color=\"\" data-bg-opacity=\"1\" data-animation=\"\" data-delay=\"0\" >\n\t\t<div class=\"vc_column-inner\" >\n\t\t\t<div class=\"wpb_wrapper\">\n\t\t\t\t<div id=\"fws_69ef7c586b776\" data-midnight=\"\" data-column-margin=\"default\" class=\"wpb_row vc_row-fluid vc_row inner_row\"  style=\"\"><div class=\"row-bg-wrap\"> <div class=\"row-bg\" ><\/div> <\/div><div class=\"row_col_wrap_12_inner col span_12  left\">\n\t<div  class=\"vc_col-sm-12 wpb_column column_container vc_column_container col child_column centered-text no-extra-padding inherit_tablet inherit_phone\"   data-padding-pos=\"all\" data-has-bg-color=\"false\" data-bg-color=\"\" data-bg-opacity=\"1\" data-animation=\"\" data-delay=\"0\" >\n\t\t<div class=\"vc_column-inner\" >\n\t\t<div class=\"wpb_wrapper\">\n\t\t\t<div class=\"nectar-split-heading\" data-align=\"default\" data-m-align=\"inherit\" data-text-effect=\"default\" data-animation-type=\"default\" data-animation-delay=\"0\" data-animation-offset=\"\" data-m-rm-animation=\"\" data-stagger=\"\" data-custom-font-size=\"false\" ><div class=\"heading-line\" > <div><h2>Parachute<\/h2> <\/div> <\/div><\/div><div class=\"divider-wrap\" data-alignment=\"default\"><div style=\"height: 100px;\" class=\"divider\"><\/div><\/div>\n\t\t<\/div> \n\t<\/div>\n\t<\/div> \n<\/div><\/div><h5 style=\"color: #ffffff;text-align: center\" class=\"vc_custom_heading vc_do_custom_heading wpb_animate_when_almost_visible wpb_fadeInUp fadeInUp\" >D\u00e9couvrez le parachute ascensionnel \u00e0 Marbella avec des experts cumulant plus de 22 ans d&#039;exp\u00e9rience dans les sports nautiques\u00a0! Sensations fortes garanties pour toute la famille.<\/h5><div class=\"divider-wrap\" data-alignment=\"default\"><div style=\"height: 100px;\" class=\"divider\"><\/div><\/div>\n<div class=\"wpb_text_column wpb_content_element  wpb_animate_when_almost_visible wpb_fadeInUp fadeInUp\" >\n\t<h3 style=\"text-align: center;\">Tarifs<\/h3>\n<\/div>\n\n\n\n<div class=\"divider-wrap\" data-alignment=\"default\"><div style=\"height: 50px;\" class=\"divider\"><\/div><\/div>\n<div class=\"wpb_text_column wpb_content_element\" >\n\t<h3 style=\"text-align: left;\">Tandem<\/h3>\n<\/div>\n\n\n\n<div class=\"nectar-hor-list-item has-btn\" data-hover-effect=\"full_border\" data-br=\"15px\" data-font-family=\"h5\" data-color=\"accent-color\" data-columns=\"4\" data-column-layout=\"even\"><div class=\"nectar-list-item\" data-icon=\"false\" data-text-align=\"left\">2 personnes<\/div><div class=\"nectar-list-item\" data-text-align=\"left\">100\u20ac<\/div><div class=\"nectar-list-item\" data-text-align=\"left\"><\/div><div class=\"nectar-list-item\" data-text-align=\"left\"><a class=\"nectar-list-item-btn second\" href=\"https:\/\/yachtprospain.com\/fr\/formulario-paracaidas\/\" >R\u00e9serve<\/a><\/div><\/div><div class=\"nectar-hor-list-item has-btn\" data-hover-effect=\"full_border\" data-br=\"15px\" data-font-family=\"h5\" data-color=\"accent-color\" data-columns=\"4\" data-column-layout=\"even\"><div class=\"nectar-list-item\" data-icon=\"false\" data-text-align=\"left\">3 personnes ensemble<\/div><div class=\"nectar-list-item\" data-text-align=\"left\">150\u20ac<\/div><div class=\"nectar-list-item\" data-text-align=\"left\">200 kg max.<\/div><div class=\"nectar-list-item\" data-text-align=\"left\"><a class=\"nectar-list-item-btn second\" href=\"https:\/\/yachtprospain.com\/fr\/formulario-paracaidas\/\" >R\u00e9serve<\/a><\/div><\/div><div class=\"divider-wrap\" data-alignment=\"default\"><div style=\"height: 50px;\" class=\"divider\"><\/div><\/div>\n\t\t\t<\/div> \n\t\t<\/div>\n\t<\/div> \n<\/div><\/div>","protected":false},"excerpt":{"rendered":"Paraca\u00eddas \u00a1Vive la experiencia del paraca\u00eddas en Marbella con expertos con m\u00e1s de 22 a\u00f1os de experiencia en deportes acu\u00e1ticos! Emoci\u00f3n sin esfuerzo para toda la familia. Tarifas Tandem 2...","protected":false},"author":1,"featured_media":0,"parent":0,"menu_order":0,"comment_status":"closed","ping_status":"closed","template":"","meta":{"jetpack_post_was_ever_published":false,"_joinchat":[],"footnotes":""},"tags":[],"class_list":["post-7792","page","type-page","status-publish"],"_hostinger_reach_plugin_has_subscription_block":false,"_hostinger_reach_plugin_is_elementor":false,"jetpack_shortlink":"https:\/\/wp.me\/P9sOOi-21G","jetpack_sharing_enabled":true,"_links":{"self":[{"href":"https:\/\/yachtprospain.com\/fr\/wp-json\/wp\/v2\/pages\/7792","targetHints":{"allow":["GET"]}}],"collection":[{"href":"https:\/\/yachtprospain.com\/fr\/wp-json\/wp\/v2\/pages"}],"about":[{"href":"https:\/\/yachtprospain.com\/fr\/wp-json\/wp\/v2\/types\/page"}],"author":[{"embeddable":true,"href":"https:\/\/yachtprospain.com\/fr\/wp-json\/wp\/v2\/users\/1"}],"replies":[{"embeddable":true,"href":"https:\/\/yachtprospain.com\/fr\/wp-json\/wp\/v2\/comments?post=7792"}],"version-history":[{"count":0,"href":"https:\/\/yachtprospain.com\/fr\/wp-json\/wp\/v2\/pages\/7792\/revisions"}],"wp:attachment":[{"href":"https:\/\/yachtprospain.com\/fr\/wp-json\/wp\/v2\/media?parent=7792"}],"wp:term":[{"taxonomy":"post_tag","embeddable":true,"href":"https:\/\/yachtprospain.com\/fr\/wp-json\/wp\/v2\/tags?post=7792"}],"curies":[{"name":"wp","href":"https:\/\/api.w.org\/{rel}","templated":true}]}}