{"id":314,"date":"2017-12-28T17:35:39","date_gmt":"2017-12-28T16:35:39","guid":{"rendered":"https:\/\/yachtprospain.com\/?page_id=314"},"modified":"2026-02-24T00:32:01","modified_gmt":"2026-02-23T23:32:01","slug":"escuela-nautica-marbella-fuengirola","status":"publish","type":"page","link":"https:\/\/yachtprospain.com\/fr\/escuela-nautica-marbella-fuengirola\/","title":{"rendered":"\u00c9cole nautique"},"content":{"rendered":"<div id=\"fws_69ef7c1008435\"  data-column-margin=\"default\" data-midnight=\"dark\"  class=\"wpb_row vc_row-fluid vc_row full-width-section has-row-bg-color\"  style=\"padding-top: 0px; padding-bottom: 0px; --row-bg-color: #ffffff;\"><div class=\"row-bg-wrap\" data-bg-animation=\"none\" data-bg-animation-delay=\"\" data-bg-overlay=\"true\"><div class=\"inner-wrap row-bg-layer\" ><div class=\"row-bg viewport-desktop using-bg-color\"  style=\"background-color: #ffffff; \"><\/div><\/div><div class=\"row-bg-overlay row-bg-layer\" style=\"background-color:#ffffff;  opacity: 0.3; \"><\/div><\/div><div class=\"row_col_wrap_12 col span_12 dark left\">\n\t<div  class=\"vc_col-sm-12 wpb_column column_container vc_column_container col centered-text no-extra-padding inherit_tablet inherit_phone flex_gap_desktop_10px\"  data-padding-pos=\"all\" data-has-bg-color=\"false\" data-bg-color=\"\" data-bg-opacity=\"1\" data-animation=\"\" data-delay=\"0\" >\n\t\t<div class=\"vc_column-inner\" >\n\t\t\t<div class=\"wpb_wrapper\">\n\t\t\t\t<div class=\"divider-wrap\" data-alignment=\"default\"><div style=\"height: 100px;\" class=\"divider\"><\/div><\/div><div class=\"nectar-split-heading\" data-align=\"center\" data-m-align=\"inherit\" data-text-effect=\"default\" data-animation-type=\"twist-in\" data-animation-delay=\"0\" data-animation-offset=\"\" data-m-rm-animation=\"\" data-stagger=\"\" data-custom-font-size=\"false\" ><h1 style=\" color: #1e83ec;\">\u00c9cole nautique<\/h1><\/div>\n\t\t\t<\/div> \n\t\t<\/div>\n\t<\/div> \n<\/div><\/div>\n\t\t<div id=\"fws_69ef7c10088f3\"  data-column-margin=\"default\" data-midnight=\"dark\" data-top-percent=\"5%\"  class=\"wpb_row vc_row-fluid vc_row full-width-section has-row-bg-color\"  style=\"padding-top: calc(100vw * 0.05); padding-bottom: 0px; --row-bg-color: #ffffff;\"><div class=\"row-bg-wrap\" data-bg-animation=\"none\" data-bg-animation-delay=\"\" data-bg-overlay=\"false\"><div class=\"inner-wrap row-bg-layer\" ><div class=\"row-bg viewport-desktop using-bg-color\"  style=\"background-color: #ffffff; \"><\/div><\/div><\/div><div class=\"row_col_wrap_12 col span_12 dark left\">\n\t<div  class=\"vc_col-sm-12 wpb_column column_container vc_column_container col no-extra-padding inherit_tablet inherit_phone flex_gap_desktop_10px\"  data-padding-pos=\"all\" data-has-bg-color=\"false\" data-bg-color=\"\" data-bg-opacity=\"1\" data-animation=\"\" data-delay=\"0\" >\n\t\t<div class=\"vc_column-inner\" >\n\t\t\t<div class=\"wpb_wrapper\">\n\t\t\t\t\n<div class=\"wpb_text_column wpb_content_element\" >\n\t<div class=\"mx-auto flex flex-col pointer-events-auto max-w-threadContentWidth gap-md md:gap-lg\">\n<div class=\"flex flex-col\">\n<div class=\"mt-md md:mt-lg\">\n<div>\n<div class=\"flex flex-col gap-md md:gap-lg w-full\">\n<div id=\"radix-:r10n:-content-default\" class=\"focus:outline-none\" tabindex=\"0\" role=\"tabpanel\" data-state=\"active\" data-orientation=\"horizontal\" aria-labelledby=\"radix-:r10n:-trigger-default\">\n<div class=\"flex flex-col gap-y-md md:gap-y-lg\">\n<div class=\"gap-y-lg flex flex-col\">\n<div>\n<div class=\"relative font-sans text-base text-foreground selection:bg-super\/50 selection:text-foreground dark:selection:bg-super\/10 dark:selection:text-super bg-transparent\">\n<div class=\"min-w-0 break-words &#091;word-break:break-word&#093;\">\n<div id=\"markdown-content-16\" class=\"gap-y-md after:clear-both after:block after:content-&#091;''&#093;\" dir=\"auto\">\n<div class=\"has-inline-images my-2 first:mt-0 &#091;&amp;:has(&#091;data-inline-type=image&#093;)+&amp;:has(&#091;data-inline-type=image&#093;)_&#091;data-inline-type=image&#093;&#093;:hidden &#091;&amp;:has(table)_&#091;data-inline-type=image&#093;&#093;:hidden\">\n<div class=\"relative\">\n<div class=\"prose dark:prose-invert inline leading-relaxed break-words min-w-0 &#091;word-break:break-word&#093; prose-strong:font-bold &#091;&amp;_&gt;*:first-child&#093;:mt-0 &#091;&amp;_&gt;*:last-child&#093;:mb-0\">\n<p class=\"my-2 &#091;&amp;+p&#093;:mt-4 &#091;&amp;_strong:has(+br)&#093;:inline-block &#091;&amp;_strong:has(+br)&#093;:pb-2\" style=\"text-align: center;\">\u00c9cole nautique \u00e0&nbsp;<strong>Marbella et Fuengirola<\/strong>&nbsp;Nous proposons une formation maritime professionnelle, des cours de navigation de plaisance et une \u00e9cole de plong\u00e9e pour tous les niveaux, du d\u00e9butant au confirm\u00e9. Nous pr\u00e9parons les \u00e9l\u00e8ves \u00e0 des certifications telles que\u00a0:&nbsp;<strong>Skipper et capitaine de yacht<\/strong>, Avec des cours th\u00e9oriques et pratiques, et une \u00e9quipe d&#039;instructeurs qualifi\u00e9s pour vous accompagner tout au long de votre formation, nous disposons de notre propre flotte (voiliers et catamarans) pour vous permettre d&#039;apprendre \u00e0 naviguer en toute s\u00e9curit\u00e9 et de gagner en confiance en mer d\u00e8s le premier jour.<\/p>\n<\/div>\n<\/div>\n<\/div>\n<\/div>\n<\/div>\n<\/div>\n<\/div>\n<\/div>\n<\/div>\n<\/div>\n<\/div>\n<\/div>\n<\/div>\n<\/div>\n<\/div>\n<\/div>\n\n\n\n\n\t\t\t<\/div> \n\t\t<\/div>\n\t<\/div> \n<\/div><\/div>\n\t\t<div id=\"fws_69ef7c1008cf3\"  data-column-margin=\"default\" data-midnight=\"dark\" data-top-percent=\"6%\" data-bottom-percent=\"6%\"  class=\"wpb_row vc_row-fluid vc_row full-width-section has-row-bg-color\"  style=\"padding-top: calc(100vw * 0.06); padding-bottom: calc(100vw * 0.06); --row-bg-color: #ffffff;\"><div class=\"row-bg-wrap\" data-bg-animation=\"none\" data-bg-animation-delay=\"\" data-bg-overlay=\"false\"><div class=\"inner-wrap row-bg-layer\" ><div class=\"row-bg viewport-desktop using-bg-color\"  style=\"background-color: #ffffff; \"><\/div><\/div><\/div><div class=\"row_col_wrap_12 col span_12 dark left\">\n\t<div  class=\"vc_col-sm-12 wpb_column column_container vc_column_container col no-extra-padding inherit_tablet inherit_phone flex_gap_desktop_10px\"  data-padding-pos=\"all\" data-has-bg-color=\"false\" data-bg-color=\"\" data-bg-opacity=\"1\" data-animation=\"\" data-delay=\"0\" >\n\t\t<div class=\"vc_column-inner\" >\n\t\t\t<div class=\"wpb_wrapper\">\n\t\t\t\t\n\t<div class=\"wpb_content_element\" data-interval=\"0\">\n\t\t<div class=\"wpb_wrapper tabbed clearfix\" data-style=\"vertical_modern\" data-animation=\"\" data-spacing=\"\" data-icon-size=\"24\" data-full-width-line=\"\" data-color-scheme=\"accent-color\" data-alignment=\"left\">\n\t\t\t<ul class=\"wpb_tabs_nav ui-tabs-nav clearfix\"><li class=\"tab-item active-tab\"><a role=\"button\" href=\"#tab-formacion-maritima-profesional\" class=\"active-tab\"><span>Formation maritime professionnelle<\/span><\/a><\/li><li class=\"tab-item\"><a role=\"button\" href=\"#tab-formacion-nautica-deportiva\" ><span>Entra\u00eenement aux sports nautiques<\/span><\/a><\/li><li class=\"tab-item\"><a role=\"button\" href=\"#tab-aby-sub-escuela-de-buceo-fuengirola\" ><span>\u00c9cole de plong\u00e9e ABY SUB Fuengirola<\/span><\/a><\/li><\/ul>\n\n\t\t\t\n\t\t\t<div id=\"tab-formacion-maritima-profesional\" data-tab-icon=\"\" class=\"wpb_tab ui-tabs-panel wpb_ui-tabs-hide clearfix\">\n\t\t\t\t<div id=\"fws_69ef7c1009807\" data-midnight=\"\" data-column-margin=\"default\" class=\"wpb_row vc_row-fluid vc_row inner_row\"  style=\"\"><div class=\"row-bg-wrap\"> <div class=\"row-bg\" ><\/div> <\/div><div class=\"row_col_wrap_12_inner col span_12  left\">\n\t<div  class=\"vc_col-sm-6 wpb_column column_container vc_column_container col child_column no-extra-padding inherit_tablet inherit_phone flex_gap_desktop_10px\"   data-padding-pos=\"all\" data-has-bg-color=\"false\" data-bg-color=\"\" data-bg-opacity=\"1\" data-animation=\"\" data-delay=\"0\" >\n\t\t<div class=\"vc_column-inner\" >\n\t\t<div class=\"wpb_wrapper\">\n\t\t\t<div class=\"nectar-fancy-ul\" data-list-icon=\"icon-salient-thin-line\" data-animation=\"true\" data-animation-delay=\"0\" data-color=\"accent-color\" data-spacing=\"default\" data-alignment=\"left\"> \n<ul>\n<li>Op\u00e9rateur restreint du SMDSM (ROC)<\/li>\n<li>Op\u00e9rateur g\u00e9n\u00e9ral du SMDSM (adaptation)<\/li>\n<li>Capitaine du port<\/li>\n<li>Formation de base en s\u00e9curit\u00e9 maritime<\/li>\n<\/ul>\n <\/div>\n\t\t<\/div> \n\t<\/div>\n\t<\/div> \n\n\t<div  class=\"vc_col-sm-6 wpb_column column_container vc_column_container col child_column no-extra-padding inherit_tablet inherit_phone flex_gap_desktop_10px\"   data-padding-pos=\"all\" data-has-bg-color=\"false\" data-bg-color=\"\" data-bg-opacity=\"1\" data-animation=\"\" data-delay=\"0\" >\n\t\t<div class=\"vc_column-inner\" >\n\t\t<div class=\"wpb_wrapper\">\n\t\t\t<div class=\"nectar-fancy-ul\" data-list-icon=\"icon-salient-thin-line\" data-animation=\"true\" data-animation-delay=\"0\" data-color=\"accent-color\" data-spacing=\"default\" data-alignment=\"left\"> \n<ul>\n<li>Mise \u00e0 jour de la formation de base en s\u00e9curit\u00e9 maritime<\/li>\n<li>navire \u00e0 passagers<\/li>\n<li>Formation de base en s\u00e9curit\u00e9 maritime<\/li>\n<li>Navigateur de pont<\/li>\n<\/ul>\n <\/div>\n\t\t<\/div> \n\t<\/div>\n\t<\/div> \n<\/div><\/div>\n\t\t\t<\/div> \n\t\t\t<div id=\"tab-formacion-nautica-deportiva\" data-tab-icon=\"\" class=\"wpb_tab ui-tabs-panel wpb_ui-tabs-hide clearfix\">\n\t\t\t\t<div id=\"fws_69ef7c1009c98\" data-midnight=\"\" data-column-margin=\"default\" class=\"wpb_row vc_row-fluid vc_row inner_row\"  style=\"\"><div class=\"row-bg-wrap\"> <div class=\"row-bg\" ><\/div> <\/div><div class=\"row_col_wrap_12_inner col span_12  left\">\n\t<div  class=\"vc_col-sm-6 wpb_column column_container vc_column_container col child_column no-extra-padding inherit_tablet inherit_phone flex_gap_desktop_10px\"   data-padding-pos=\"all\" data-has-bg-color=\"false\" data-bg-color=\"\" data-bg-opacity=\"1\" data-animation=\"\" data-delay=\"0\" >\n\t\t<div class=\"vc_column-inner\" >\n\t\t<div class=\"wpb_wrapper\">\n\t\t\t<div class=\"nectar-fancy-ul\" data-list-icon=\"icon-salient-thin-line\" data-animation=\"true\" data-animation-delay=\"0\" data-color=\"accent-color\" data-spacing=\"default\" data-alignment=\"left\"> \n<ul>\n<li>Licence de navigation<\/li>\n<li>Op\u00e9rateur \u00e0 courte port\u00e9e<\/li>\n<li>PNB<\/li>\n<li>PER r\u00e9duit<\/li>\n<\/ul>\n <\/div>\n\t\t<\/div> \n\t<\/div>\n\t<\/div> \n\n\t<div  class=\"vc_col-sm-6 wpb_column column_container vc_column_container col child_column no-extra-padding inherit_tablet inherit_phone flex_gap_desktop_10px\"   data-padding-pos=\"all\" data-has-bg-color=\"false\" data-bg-color=\"\" data-bg-opacity=\"1\" data-animation=\"\" data-delay=\"0\" >\n\t\t<div class=\"vc_column-inner\" >\n\t\t<div class=\"wpb_wrapper\">\n\t\t\t<div class=\"nectar-fancy-ul\" data-list-icon=\"icon-salient-thin-line\" data-animation=\"true\" data-animation-delay=\"0\" data-color=\"accent-color\" data-spacing=\"default\" data-alignment=\"left\"> \n<ul>\n<li>capitaine de yacht<\/li>\n<li>capitaine de yacht<\/li>\n<li>PPER<\/li>\n<li>Op\u00e9rateur \u00e0 longue port\u00e9e<\/li>\n<\/ul>\n <\/div>\n\t\t<\/div> \n\t<\/div>\n\t<\/div> \n<\/div><\/div>\n\t\t\t<\/div> \n\t\t\t<div id=\"tab-aby-sub-escuela-de-buceo-fuengirola\" data-tab-icon=\"\" class=\"wpb_tab ui-tabs-panel wpb_ui-tabs-hide clearfix\">\n\t\t\t\t\n<div class=\"wpb_text_column wpb_content_element\" >\n\t<p style=\"text-align: center;\">Tous les cours de plong\u00e9e PAD, du niveau d\u00e9butant \u00e0 celui d&#039;instructeur.<br \/>\nNous vous offrons la possibilit\u00e9 de d\u00e9couvrir le monde sous-marin de mani\u00e8re s\u00fbre et ludique.<br \/>\nNous proposons des d\u00e9parts quotidiens vers toutes les destinations en Andalousie, \u00e0 Malaga et sur la Costa del Sol.<\/p>\n<\/div>\n\n\n\n<div id=\"fws_69ef7c100a070\" data-midnight=\"\" data-column-margin=\"default\" class=\"wpb_row vc_row-fluid vc_row inner_row\"  style=\"\"><div class=\"row-bg-wrap\"> <div class=\"row-bg\" ><\/div> <\/div><div class=\"row_col_wrap_12_inner col span_12  left\">\n\t<div  class=\"vc_col-sm-6 wpb_column column_container vc_column_container col child_column centered-text no-extra-padding inherit_tablet inherit_phone flex_gap_desktop_10px\"   data-padding-pos=\"all\" data-has-bg-color=\"false\" data-bg-color=\"\" data-bg-opacity=\"1\" data-animation=\"\" data-delay=\"0\" >\n\t\t<div class=\"vc_column-inner\" >\n\t\t<div class=\"wpb_wrapper\">\n\t\t\t<div class=\"img-with-aniamtion-wrap\" data-max-width=\"100%\" data-max-width-mobile=\"default\" data-shadow=\"none\" data-animation=\"fade-in\" >\n      <div class=\"inner\">\n        <div class=\"hover-wrap\"> \n          <div class=\"hover-wrap-inner\">\n            <img loading=\"lazy\" decoding=\"async\" class=\"img-with-animation skip-lazy\" data-delay=\"0\" height=\"198\" width=\"339\" data-animation=\"fade-in\" src=\"https:\/\/yachtprospain.com\/wp-content\/uploads\/2022\/11\/aby-sub-escuela-buceo-fuengirola.jpg\" alt=\"aby-sub-escuela-buceo-fuengirola\" srcset=\"https:\/\/yachtprospain.com\/wp-content\/uploads\/2022\/11\/aby-sub-escuela-buceo-fuengirola.jpg 339w, https:\/\/yachtprospain.com\/wp-content\/uploads\/2022\/11\/aby-sub-escuela-buceo-fuengirola-300x175.jpg 300w\" sizes=\"auto, (max-width: 339px) 100vw, 339px\" \/>\n          <\/div>\n        <\/div>\n        \n      <\/div>\n    <\/div>\n\t\t<\/div> \n\t<\/div>\n\t<\/div> \n\n\t<div  class=\"vc_col-sm-6 wpb_column column_container vc_column_container col child_column centered-text no-extra-padding inherit_tablet inherit_phone flex_gap_desktop_10px\"   data-padding-pos=\"all\" data-has-bg-color=\"false\" data-bg-color=\"\" data-bg-opacity=\"1\" data-animation=\"\" data-delay=\"0\" >\n\t\t<div class=\"vc_column-inner\" >\n\t\t<div class=\"wpb_wrapper\">\n\t\t\t<div class=\"img-with-aniamtion-wrap\" data-max-width=\"100%\" data-max-width-mobile=\"default\" data-shadow=\"none\" data-animation=\"fade-in\" >\n      <div class=\"inner\">\n        <div class=\"hover-wrap\"> \n          <div class=\"hover-wrap-inner\">\n            <img loading=\"lazy\" decoding=\"async\" class=\"img-with-animation skip-lazy\" data-delay=\"0\" height=\"198\" width=\"339\" data-animation=\"fade-in\" src=\"https:\/\/yachtprospain.com\/wp-content\/uploads\/2022\/11\/padi-escuela.jpg\" alt=\"padi-escuela\" srcset=\"https:\/\/yachtprospain.com\/wp-content\/uploads\/2022\/11\/padi-escuela.jpg 339w, https:\/\/yachtprospain.com\/wp-content\/uploads\/2022\/11\/padi-escuela-300x175.jpg 300w\" sizes=\"auto, (max-width: 339px) 100vw, 339px\" \/>\n          <\/div>\n        <\/div>\n        \n      <\/div>\n    <\/div>\n\t\t<\/div> \n\t<\/div>\n\t<\/div> \n<\/div><\/div>\n\t\t\t<\/div> \n\t\t<\/div> \n\t<\/div> \n\t\t\t<\/div> \n\t\t<\/div>\n\t<\/div> \n<\/div><\/div>","protected":false},"excerpt":{"rendered":"Escuela N\u00e1utica Escuela N\u00e1utica en&nbsp;Marbella y Fuengirola&nbsp;con formaci\u00f3n mar\u00edtima profesional, cursos de n\u00e1utica deportiva y escuela de buceo para todos los niveles, desde iniciaci\u00f3n hasta avanzado. Preparamos titulaciones como&nbsp;Patr\u00f3n de...","protected":false},"author":1,"featured_media":0,"parent":0,"menu_order":0,"comment_status":"closed","ping_status":"closed","template":"","meta":{"jetpack_post_was_ever_published":false,"_joinchat":[],"footnotes":""},"tags":[],"class_list":["post-314","page","type-page","status-publish"],"_hostinger_reach_plugin_has_subscription_block":false,"_hostinger_reach_plugin_is_elementor":false,"jetpack_shortlink":"https:\/\/wp.me\/P9sOOi-54","jetpack_sharing_enabled":false,"_links":{"self":[{"href":"https:\/\/yachtprospain.com\/fr\/wp-json\/wp\/v2\/pages\/314","targetHints":{"allow":["GET"]}}],"collection":[{"href":"https:\/\/yachtprospain.com\/fr\/wp-json\/wp\/v2\/pages"}],"about":[{"href":"https:\/\/yachtprospain.com\/fr\/wp-json\/wp\/v2\/types\/page"}],"author":[{"embeddable":true,"href":"https:\/\/yachtprospain.com\/fr\/wp-json\/wp\/v2\/users\/1"}],"replies":[{"embeddable":true,"href":"https:\/\/yachtprospain.com\/fr\/wp-json\/wp\/v2\/comments?post=314"}],"version-history":[{"count":2,"href":"https:\/\/yachtprospain.com\/fr\/wp-json\/wp\/v2\/pages\/314\/revisions"}],"predecessor-version":[{"id":10738,"href":"https:\/\/yachtprospain.com\/fr\/wp-json\/wp\/v2\/pages\/314\/revisions\/10738"}],"wp:attachment":[{"href":"https:\/\/yachtprospain.com\/fr\/wp-json\/wp\/v2\/media?parent=314"}],"wp:term":[{"taxonomy":"post_tag","embeddable":true,"href":"https:\/\/yachtprospain.com\/fr\/wp-json\/wp\/v2\/tags?post=314"}],"curies":[{"name":"wp","href":"https:\/\/api.w.org\/{rel}","templated":true}]}}