{"id":111,"date":"2017-12-22T12:39:41","date_gmt":"2017-12-22T11:39:41","guid":{"rendered":"https:\/\/yachtprospain.com\/?page_id=111"},"modified":"2026-02-24T00:44:15","modified_gmt":"2026-02-23T23:44:15","slug":"construccion-naval","status":"publish","type":"page","link":"https:\/\/yachtprospain.com\/fr\/construccion-naval\/","title":{"rendered":"Construction, r\u00e9paration et entretien de navires \u00e0 Malaga"},"content":{"rendered":"<div id=\"fws_69eff6ebbb69a\"  data-column-margin=\"default\" data-midnight=\"dark\"  class=\"wpb_row vc_row-fluid vc_row full-width-section has-row-bg-color\"  style=\"padding-top: 0px; padding-bottom: 0px; --row-bg-color: #ffffff;\"><div class=\"row-bg-wrap\" data-bg-animation=\"none\" data-bg-animation-delay=\"\" data-bg-overlay=\"false\"><div class=\"inner-wrap row-bg-layer\" ><div class=\"row-bg viewport-desktop using-bg-color\"  style=\"background-color: #ffffff; \"><\/div><\/div><\/div><div class=\"row_col_wrap_12 col span_12 dark left\">\n\t<div  class=\"vc_col-sm-12 wpb_column column_container vc_column_container col centered-text no-extra-padding inherit_tablet inherit_phone flex_gap_desktop_10px\"  data-padding-pos=\"all\" data-has-bg-color=\"false\" data-bg-color=\"\" data-bg-opacity=\"1\" data-animation=\"\" data-delay=\"0\" >\n\t\t<div class=\"vc_column-inner\" >\n\t\t\t<div class=\"wpb_wrapper\">\n\t\t\t\t<div class=\"divider-wrap\" data-alignment=\"default\"><div style=\"height: 100px;\" class=\"divider\"><\/div><\/div><div class=\"nectar-split-heading\" data-align=\"center\" data-m-align=\"inherit\" data-text-effect=\"default\" data-animation-type=\"twist-in\" data-animation-delay=\"0\" data-animation-offset=\"\" data-m-rm-animation=\"\" data-stagger=\"\" data-custom-font-size=\"false\" ><h1 style=\" color: #1e83ec;\">Construction navale \u00e0 Malaga<\/h1><\/div>\n\t\t\t<\/div> \n\t\t<\/div>\n\t<\/div> \n<\/div><\/div>\n\t\t<div id=\"fws_69eff6ebbbb7e\"  data-column-margin=\"default\" data-midnight=\"dark\" data-top-percent=\"5%\"  class=\"wpb_row vc_row-fluid vc_row full-width-section has-row-bg-color\"  style=\"padding-top: calc(100vw * 0.05); padding-bottom: 0px; --row-bg-color: #ffffff;\"><div class=\"row-bg-wrap\" data-bg-animation=\"none\" data-bg-animation-delay=\"\" data-bg-overlay=\"false\"><div class=\"inner-wrap row-bg-layer\" ><div class=\"row-bg viewport-desktop using-bg-color\"  style=\"background-color: #ffffff; \"><\/div><\/div><\/div><div class=\"row_col_wrap_12 col span_12 dark left\">\n\t<div  class=\"vc_col-sm-12 wpb_column column_container vc_column_container col centered-text no-extra-padding max_width_desktop_800vw inherit_tablet inherit_phone\"  data-padding-pos=\"all\" data-has-bg-color=\"false\" data-bg-color=\"\" data-bg-opacity=\"1\" data-animation=\"\" data-delay=\"0\" >\n\t\t<div class=\"vc_column-inner\" >\n\t\t\t<div class=\"wpb_wrapper\">\n\t\t\t\t\n<div class=\"wpb_text_column wpb_content_element  wpb_animate_when_almost_visible wpb_fadeIn fadeIn\" style=\" max-width: 750px; display: inline-block;\">\n\t<p style=\"text-align: center;\">Notre \u00e9quipe d&#039;experts prend en charge l&#039;int\u00e9gralit\u00e9 de votre projet de construction navale \u00e0 Malaga, de l&#039;installation des syst\u00e8mes de climatisation et \u00e9lectriques au rembourrage de meubles et \u00e0 la cr\u00e9ation d&#039;enseignes en vinyle. N&#039;h\u00e9sitez plus\u00a0: contactez-nous pour d\u00e9couvrir comment nous pouvons donner vie \u00e0 votre projet de construction navale \u00e0 Malaga.<\/p>\n<\/div>\n\n\n\n\n\t\t\t<\/div> \n\t\t<\/div>\n\t<\/div> \n<\/div><\/div>\n\t\t<div id=\"features\"  data-column-margin=\"default\" data-midnight=\"dark\" data-top-percent=\"5%\" data-bottom-percent=\"5%\"  class=\"wpb_row vc_row-fluid vc_row full-width-section\"  style=\"padding-top: calc(100vw * 0.05); padding-bottom: calc(100vw * 0.05); \"><div class=\"row-bg-wrap\" data-bg-animation=\"none\" data-bg-animation-delay=\"\" data-bg-overlay=\"false\"><div class=\"inner-wrap row-bg-layer\" ><div class=\"row-bg viewport-desktop\"  style=\"\"><\/div><\/div><\/div><div class=\"row_col_wrap_12 col span_12 dark left\">\n\t<div  class=\"vc_col-sm-12 wpb_column column_container vc_column_container col left_padding_tablet_15pct left_padding_phone_0px right_padding_tablet_15pct right_padding_phone_0px\"  data-padding-pos=\"all\" data-has-bg-color=\"false\" data-bg-color=\"\" data-bg-opacity=\"1\" data-animation=\"\" data-delay=\"0\" >\n\t\t<div class=\"vc_column-inner\" >\n\t\t\t<div class=\"wpb_wrapper\">\n\t\t\t\t<div class=\"nectar-sticky-media-sections media-border-radius-15px type--scroll-pinned-sections content-alignment-stretch section-height-75vh subtract-nav-height effect-overlapping overlapping-overlap-amount-desktop-20px overlapping-overlap-amount-tablet-40px stacking-effect\" style=\"--section-count:4\"><div class=\"nectar-sticky-media-section__content__wrap\"><div class=\"nectar-sticky-media-section__content-section\"><div class=\"nectar-sticky-media-section__content-section__wrap\"><div class=\"nectar-sticky-media-content__media-wrap\"><div class=\"nectar-sticky-media-section__media\" style=\"background-color:#DCECF3\" data-type=\"color\"><\/div><\/div><div class=\"nectar-sticky-media-section__content-section-inner\"><div id=\"fws_69eff6ebbc788\" data-midnight=\"\" data-column-margin=\"custom\" class=\"wpb_row vc_row-fluid vc_row inner_row vc_row-o-equal-height vc_row-flex right_padding_30px left_padding_30px column-margin-40px top_padding_tablet_20px top_padding_phone_20px bottom_padding_tablet_20px bottom_padding_phone_20px right_padding_tablet_20px right_padding_phone_20px left_padding_tablet_20px left_padding_phone_20px\"  style=\"padding-top: 30px; padding-bottom: 30px; \"><div class=\"row-bg-wrap\"> <div class=\"row-bg\" ><\/div> <\/div><div class=\"row_col_wrap_12_inner col span_12  left\">\n\t<div  class=\"vc_col-sm-6 wpb_column column_container vc_column_container col child_column left_padding_desktop_10pct left_padding_tablet_0px top_padding_desktop_10pct top_padding_tablet_0px right_padding_desktop_10pct right_padding_tablet_0px bottom_padding_desktop_10pct bottom_padding_tablet_0px flex_layout_desktop_column flex_justify_content_desktop_center flex_justify_content_tablet_flex-start flex_justify_content_phone_flex-start flex_align_items_desktop_flex-start flex_wrap_desktop_nowrap flex_reverse_desktop_false flex_gap_desktop_15px flex_gap_phone_10px\"   data-padding-pos=\"all\" data-has-bg-color=\"false\" data-bg-color=\"\" data-bg-opacity=\"1\" data-animation=\"\" data-delay=\"0\" >\n\t\t<div class=\"vc_column-inner\" >\n\t\t<div class=\"wpb_wrapper\">\n\t\t\t<div class=\"nectar-responsive-text font_line_height_1px nectar-link-underline-effect\" data-inherit-heading-family=\"h6\"><p>Experts en gelcoat, structures nautiques et finitions sur la Costa del Sol<\/p>\n<\/div><div class=\"nectar-responsive-text nectar-link-underline-effect\" style=\"color: #297ECE;\"><h2>R\u00e9paration de bateaux en fibre de verre \u00e0 Malaga<\/h2>\n<\/div><div class=\"nectar-responsive-text font_size_phone_14px nectar-link-underline-effect\"><ul>\n<li>Gel Coat.<\/li>\n<li>Osmose.<\/li>\n<li>Traitements et pr\u00e9vention.<\/li>\n<li>Plateformes de baignade.<\/li>\n<li>Construction et modification sur mesure.<\/li>\n<li>Fibre de carbone.<\/li>\n<li>Fabrication de pi\u00e8ces.<\/li>\n<li>Moules.<\/li>\n<\/ul>\n<\/div><div class=\"nectar-cta  border_radius_100px alignment_tablet_default alignment_phone_default display_tablet_inherit display_phone_inherit\" data-color=\"extra-color-gradient-1\" data-using-bg=\"true\" data-style=\"text-reveal\" data-display=\"inline\" data-alignment=\"left\" data-text-color=\"custom\" style=\"margin-top: 20px;  --nectar-text-color: #F6F4F0; --nectar-button-color: var(--nectar-extra-color-gradient-1); --nectar-icon-gap: 20px; \"><span style=\"color: #F6F4F0;\" class=\"nectar-button-type\"><span class=\"link_wrap\" style=\"padding-top: 0.5em; padding-right: 1.4em; padding-bottom: 0.5em; padding-left: 1.4em;\"><a  rel=\"nofollow\" class=\"link_text\" role=\"button\" href=\"https:\/\/wa.me\/34634471250?text=Hola%20YachtPro%20Spain,%20quiero%20confirmar%20disponibilidad%20para%20el%20velero%20Mami%20(Jeanneau%20Sun%20Odyssey%20389)%20el%20%5BFECHA%5D%20a%20las%20%5BHORA%5D%20para%20%5BPERSONAS%5D%20personas.\"><span class=\"text nectar-text-reveal-button__text\" data-text=\"Consulta sin compromiso\">Consultation gratuite<\/span><\/a><\/span><\/span><\/div>\n\t\t<\/div> \n\t<\/div>\n\t<\/div> \n\n\t<div style=\"\" class=\"vc_col-sm-6 wpb_column column_container vc_column_container col child_column left_padding_desktop_10pct left_padding_tablet_20px top_padding_desktop_10pct top_padding_tablet_20px right_padding_desktop_10pct right_padding_tablet_20px bottom_padding_desktop_10pct bottom_padding_tablet_20px flex_layout_desktop_column flex_justify_content_desktop_center flex_align_items_desktop_stretch flex_wrap_desktop_nowrap flex_reverse_desktop_false flex_gap_desktop_10px\"  data-using-bg=\"true\" data-border-radius=\"15px\" data-bg-cover=\"true\" data-padding-pos=\"all\" data-has-bg-color=\"false\" data-bg-color=\"\" data-bg-opacity=\"1\" data-animation=\"\" data-delay=\"0\" >\n\t\t<div class=\"vc_column-inner\" ><div class=\"column-image-bg-wrap column-bg-layer viewport-desktop\" data-bg-pos=\"center center\" data-bg-animation=\"none\" data-bg-overlay=\"false\"><div class=\"inner-wrap\"><div class=\"column-image-bg\" style=\" background-image: url('https:\/\/yachtprospain.com\/wp-content\/uploads\/2022\/11\/construccion-naval-fibra.jpg'); \"><\/div><\/div><\/div>\n\t\t<div class=\"wpb_wrapper\">\n\t\t\t\n\t\t<\/div> \n\t<\/div>\n\t<\/div> \n<\/div><\/div><\/div><\/div><\/div><div class=\"nectar-sticky-media-section__content-section\"><div class=\"nectar-sticky-media-section__content-section__wrap\"><div class=\"nectar-sticky-media-content__media-wrap\"><div class=\"nectar-sticky-media-section__media\" style=\"background-color:#A2D1E6\" data-type=\"color\"><\/div><\/div><div class=\"nectar-sticky-media-section__content-section-inner\"><div id=\"fws_69eff6ebbcf28\" data-midnight=\"\" data-column-margin=\"custom\" class=\"wpb_row vc_row-fluid vc_row inner_row vc_row-o-equal-height vc_row-flex right_padding_30px left_padding_30px column-margin-40px top_padding_tablet_20px top_padding_phone_20px bottom_padding_tablet_20px bottom_padding_phone_20px right_padding_tablet_20px right_padding_phone_20px left_padding_tablet_20px left_padding_phone_20px\"  style=\"padding-top: 30px; padding-bottom: 30px; \"><div class=\"row-bg-wrap\"> <div class=\"row-bg\" ><\/div> <\/div><div class=\"row_col_wrap_12_inner col span_12  left\">\n\t<div  class=\"vc_col-sm-6 wpb_column column_container vc_column_container col child_column left_padding_desktop_10pct left_padding_tablet_0px top_padding_desktop_10pct top_padding_tablet_0px right_padding_desktop_10pct right_padding_tablet_0px bottom_padding_desktop_10pct bottom_padding_tablet_0px flex_layout_desktop_column flex_justify_content_desktop_center flex_justify_content_tablet_flex-start flex_justify_content_phone_flex-start flex_align_items_desktop_flex-start flex_wrap_desktop_nowrap flex_reverse_desktop_false flex_gap_desktop_15px flex_gap_phone_10px\"   data-padding-pos=\"all\" data-has-bg-color=\"false\" data-bg-color=\"\" data-bg-opacity=\"1\" data-animation=\"\" data-delay=\"0\" >\n\t\t<div class=\"vc_column-inner\" >\n\t\t<div class=\"wpb_wrapper\">\n\t\t\t<div class=\"nectar-responsive-text font_line_height_1px nectar-link-underline-effect\" data-inherit-heading-family=\"h6\"><p>Finitions marines haute r\u00e9sistance : polyur\u00e9thane, bicouches, tricouches, laques, vernis et produits de polissage sur la Costa del Sol<\/p>\n<\/div><div class=\"nectar-responsive-text nectar-link-underline-effect\" style=\"color: #297ECE;\"><h2>Peinture nautique professionnelle pour bateaux et yachts \u00e0 Fuengirola, Malaga<\/h2>\n<\/div><div class=\"nectar-responsive-text font_size_phone_14px nectar-link-underline-effect\"><ul>\n<li>Polyur\u00e9thane.<\/li>\n<li>Deux couches.<\/li>\n<li>Trois couches.<\/li>\n<li>Laques.<\/li>\n<li>Vernis.<\/li>\n<li>Brillant.<\/li>\n<\/ul>\n<\/div><div class=\"nectar-cta  border_radius_100px alignment_tablet_default alignment_phone_default display_tablet_inherit display_phone_inherit\" data-color=\"extra-color-gradient-1\" data-using-bg=\"true\" data-style=\"text-reveal\" data-display=\"inline\" data-alignment=\"left\" data-text-color=\"custom\" style=\"margin-top: 20px;  --nectar-text-color: #F6F4F0; --nectar-button-color: var(--nectar-extra-color-gradient-1); --nectar-icon-gap: 20px; \"><span style=\"color: #F6F4F0;\" class=\"nectar-button-type\"><span class=\"link_wrap\" style=\"padding-top: 0.5em; padding-right: 1.4em; padding-bottom: 0.5em; padding-left: 1.4em;\"><a  rel=\"nofollow\" class=\"link_text\" role=\"button\" href=\"https:\/\/wa.me\/34634471250?text=Hola%20YachtPro%20Spain,%20quiero%20confirmar%20disponibilidad%20para%20el%20velero%20Mami%20(Jeanneau%20Sun%20Odyssey%20389)%20el%20%5BFECHA%5D%20a%20las%20%5BHORA%5D%20para%20%5BPERSONAS%5D%20personas.\"><span class=\"text nectar-text-reveal-button__text\" data-text=\"Consulta sin compromiso\">Consultation gratuite<\/span><\/a><\/span><\/span><\/div>\n\t\t<\/div> \n\t<\/div>\n\t<\/div> \n\n\t<div style=\"\" class=\"vc_col-sm-6 wpb_column column_container vc_column_container col child_column left_padding_desktop_10pct left_padding_tablet_20px top_padding_desktop_10pct top_padding_tablet_20px right_padding_desktop_10pct right_padding_tablet_20px bottom_padding_desktop_10pct bottom_padding_tablet_20px flex_layout_desktop_column flex_justify_content_desktop_center flex_align_items_desktop_stretch flex_wrap_desktop_nowrap flex_reverse_desktop_false flex_gap_desktop_10px\"  data-using-bg=\"true\" data-border-radius=\"15px\" data-bg-cover=\"true\" data-padding-pos=\"all\" data-has-bg-color=\"false\" data-bg-color=\"\" data-bg-opacity=\"1\" data-animation=\"\" data-delay=\"0\" >\n\t\t<div class=\"vc_column-inner\" ><div class=\"column-image-bg-wrap column-bg-layer viewport-desktop\" data-bg-pos=\"center center\" data-bg-animation=\"none\" data-bg-overlay=\"false\"><div class=\"inner-wrap\"><div class=\"column-image-bg\" style=\" background-image: url('https:\/\/yachtprospain.com\/wp-content\/uploads\/2022\/11\/construccion-naval-pintura.jpg'); \"><\/div><\/div><\/div>\n\t\t<div class=\"wpb_wrapper\">\n\t\t\t\n\t\t<\/div> \n\t<\/div>\n\t<\/div> \n<\/div><\/div><\/div><\/div><\/div><div class=\"nectar-sticky-media-section__content-section\"><div class=\"nectar-sticky-media-section__content-section__wrap\"><div class=\"nectar-sticky-media-content__media-wrap\"><div class=\"nectar-sticky-media-section__media\" style=\"background-color:#297ECE\" data-type=\"color\"><\/div><\/div><div class=\"nectar-sticky-media-section__content-section-inner\"><div id=\"fws_69eff6ebbd4e1\" data-midnight=\"\" data-column-margin=\"custom\" class=\"wpb_row vc_row-fluid vc_row inner_row vc_row-o-equal-height vc_row-flex right_padding_30px left_padding_30px column-margin-40px top_padding_tablet_20px top_padding_phone_20px bottom_padding_tablet_20px bottom_padding_phone_20px right_padding_tablet_20px right_padding_phone_20px left_padding_tablet_20px left_padding_phone_20px\"  style=\"padding-top: 30px; padding-bottom: 30px; \"><div class=\"row-bg-wrap\"> <div class=\"row-bg\" ><\/div> <\/div><div class=\"row_col_wrap_12_inner col span_12  left\">\n\t<div  class=\"vc_col-sm-6 wpb_column column_container vc_column_container col child_column left_padding_desktop_10pct left_padding_tablet_0px top_padding_desktop_10pct top_padding_tablet_0px right_padding_desktop_10pct right_padding_tablet_0px bottom_padding_desktop_10pct bottom_padding_tablet_0px flex_layout_desktop_column flex_justify_content_desktop_center flex_justify_content_tablet_flex-start flex_justify_content_phone_flex-start flex_align_items_desktop_flex-start flex_wrap_desktop_nowrap flex_reverse_desktop_false flex_gap_desktop_15px flex_gap_phone_10px\"   data-padding-pos=\"all\" data-has-bg-color=\"false\" data-bg-color=\"\" data-bg-opacity=\"1\" data-animation=\"\" data-delay=\"0\" >\n\t\t<div class=\"vc_column-inner\" >\n\t\t<div class=\"wpb_wrapper\">\n\t\t\t<div class=\"nectar-responsive-text font_line_height_1px nectar-link-underline-effect\" style=\"color: #FFFFFF;\" data-inherit-heading-family=\"h6\"><p>Teck, int\u00e9rieurs, ext\u00e9rieurs, cuisines, nettoyage de terrasses et calfeutrage sur la Costa del Sol<\/p>\n<\/div><div class=\"nectar-responsive-text nectar-link-underline-effect\" style=\"color: #FFFFFF;\"><h2>Menuiserie nautique professionnelle pour bateaux et yachts \u00e0 Fuengirola<\/h2>\n<\/div><div class=\"nectar-responsive-text font_size_phone_14px nectar-link-underline-effect\" style=\"color: #FFFFFF;\"><p>Teck. Nettoyage, terrasses et traitements. Int\u00e9rieurs. Ext\u00e9rieurs. Cuisines. Calfeutrage.<\/p>\n<\/div><div class=\"nectar-cta  border_radius_100px alignment_tablet_default alignment_phone_default display_tablet_inherit display_phone_inherit\" data-color=\"extra-color-gradient-1\" data-using-bg=\"true\" data-style=\"text-reveal\" data-display=\"inline\" data-alignment=\"left\" data-text-color=\"custom\" style=\"margin-top: 20px;  --nectar-text-color: #F6F4F0; --nectar-button-color: var(--nectar-extra-color-gradient-1); --nectar-icon-gap: 20px; \"><span style=\"color: #F6F4F0;\" class=\"nectar-button-type\"><span class=\"link_wrap\" style=\"padding-top: 0.5em; padding-right: 1.4em; padding-bottom: 0.5em; padding-left: 1.4em;\"><a  rel=\"nofollow\" class=\"link_text\" role=\"button\" href=\"https:\/\/wa.me\/34634471250?text=Hola%20YachtPro%20Spain,%20quiero%20confirmar%20disponibilidad%20para%20el%20velero%20Mami%20(Jeanneau%20Sun%20Odyssey%20389)%20el%20%5BFECHA%5D%20a%20las%20%5BHORA%5D%20para%20%5BPERSONAS%5D%20personas.\"><span class=\"text nectar-text-reveal-button__text\" data-text=\"Consulta sin compromiso\">Consultation gratuite<\/span><\/a><\/span><\/span><\/div>\n\t\t<\/div> \n\t<\/div>\n\t<\/div> \n\n\t<div style=\"\" class=\"vc_col-sm-6 wpb_column column_container vc_column_container col child_column left_padding_desktop_10pct left_padding_tablet_20px top_padding_desktop_10pct top_padding_tablet_20px right_padding_desktop_10pct right_padding_tablet_20px bottom_padding_desktop_10pct bottom_padding_tablet_20px flex_layout_desktop_column flex_justify_content_desktop_space-between flex_align_items_desktop_stretch flex_wrap_desktop_nowrap flex_reverse_desktop_false flex_gap_desktop_30px\"  data-using-bg=\"true\" data-border-radius=\"15px\" data-bg-cover=\"true\" data-padding-pos=\"all\" data-has-bg-color=\"false\" data-bg-color=\"\" data-bg-opacity=\"1\" data-animation=\"\" data-delay=\"0\" >\n\t\t<div class=\"vc_column-inner\" ><div class=\"column-image-bg-wrap column-bg-layer viewport-desktop\" data-bg-pos=\"center top\" data-bg-animation=\"none\" data-bg-overlay=\"false\"><div class=\"inner-wrap\"><div class=\"column-image-bg\" style=\" background-image: url('https:\/\/yachtprospain.com\/wp-content\/uploads\/2022\/11\/construccion-naval-carpinteria.jpg'); \"><\/div><\/div><\/div>\n\t\t<div class=\"wpb_wrapper\">\n\t\t\t\n\t\t<\/div> \n\t<\/div>\n\t<\/div> \n<\/div><\/div><\/div><\/div><\/div><div class=\"nectar-sticky-media-section__content-section\"><div class=\"nectar-sticky-media-section__content-section__wrap\"><div class=\"nectar-sticky-media-content__media-wrap\"><div class=\"nectar-sticky-media-section__media\" style=\"background-color:#165FA3\" data-type=\"color\"><\/div><\/div><div class=\"nectar-sticky-media-section__content-section-inner\"><div id=\"fws_69eff6ebbda4a\" data-midnight=\"\" data-column-margin=\"custom\" class=\"wpb_row vc_row-fluid vc_row inner_row vc_row-o-equal-height vc_row-flex right_padding_30px left_padding_30px column-margin-40px top_padding_tablet_20px top_padding_phone_20px bottom_padding_tablet_20px bottom_padding_phone_20px right_padding_tablet_20px right_padding_phone_20px left_padding_tablet_20px left_padding_phone_20px\"  style=\"padding-top: 30px; padding-bottom: 30px; \"><div class=\"row-bg-wrap\"> <div class=\"row-bg\" ><\/div> <\/div><div class=\"row_col_wrap_12_inner col span_12  left\">\n\t<div  class=\"vc_col-sm-6 wpb_column column_container vc_column_container col child_column left_padding_desktop_10pct left_padding_tablet_0px top_padding_desktop_10pct top_padding_tablet_0px right_padding_desktop_10pct right_padding_tablet_0px bottom_padding_desktop_10pct bottom_padding_tablet_0px flex_layout_desktop_column flex_justify_content_desktop_center flex_justify_content_tablet_flex-start flex_justify_content_phone_flex-start flex_align_items_desktop_flex-start flex_wrap_desktop_nowrap flex_reverse_desktop_false flex_gap_desktop_15px flex_gap_phone_10px\"   data-padding-pos=\"all\" data-has-bg-color=\"false\" data-bg-color=\"\" data-bg-opacity=\"1\" data-animation=\"\" data-delay=\"0\" >\n\t\t<div class=\"vc_column-inner\" >\n\t\t<div class=\"wpb_wrapper\">\n\t\t\t<div class=\"nectar-responsive-text font_line_height_1px nectar-link-underline-effect\" style=\"color: #FFFFFF;\" data-inherit-heading-family=\"h6\"><p>R\u00e9paration et entretien de moteurs hors-bord, in-bord, diesel et essence sur la Costa del Sol<\/p>\n<\/div><div class=\"nectar-responsive-text nectar-link-underline-effect\" style=\"color: #FFFFFF;\"><h2>M\u00e9caniciens nautiques professionnels pour bateaux et yachts sur la Costa del Sol<\/h2>\n<\/div><div class=\"nectar-responsive-text font_size_phone_14px nectar-link-underline-effect\" style=\"color: #FFFFFF;\"><ul>\n<li>Moteurs hors-bord.<\/li>\n<li>Moteurs in-bord.<\/li>\n<li>Moteurs diesel\/essence.<\/li>\n<li>Entretien.<\/li>\n<\/ul>\n<\/div><div class=\"nectar-cta  border_radius_100px alignment_tablet_default alignment_phone_default display_tablet_inherit display_phone_inherit\" data-color=\"extra-color-gradient-1\" data-using-bg=\"true\" data-style=\"text-reveal\" data-display=\"inline\" data-alignment=\"left\" data-text-color=\"custom\" style=\"margin-top: 20px;  --nectar-text-color: #F6F4F0; --nectar-button-color: var(--nectar-extra-color-gradient-1); --nectar-icon-gap: 20px; \"><span style=\"color: #F6F4F0;\" class=\"nectar-button-type\"><span class=\"link_wrap\" style=\"padding-top: 0.5em; padding-right: 1.4em; padding-bottom: 0.5em; padding-left: 1.4em;\"><a  rel=\"nofollow\" class=\"link_text\" role=\"button\" href=\"https:\/\/wa.me\/34634471250?text=Hola%20YachtPro%20Spain,%20quiero%20confirmar%20disponibilidad%20para%20el%20velero%20Mami%20(Jeanneau%20Sun%20Odyssey%20389)%20el%20%5BFECHA%5D%20a%20las%20%5BHORA%5D%20para%20%5BPERSONAS%5D%20personas.\"><span class=\"text nectar-text-reveal-button__text\" data-text=\"Consulta sin compromiso\">Consultation gratuite<\/span><\/a><\/span><\/span><\/div>\n\t\t<\/div> \n\t<\/div>\n\t<\/div> \n\n\t<div style=\"\" class=\"vc_col-sm-6 wpb_column column_container vc_column_container col child_column left_padding_desktop_10pct left_padding_tablet_20px top_padding_desktop_10pct top_padding_tablet_20px right_padding_desktop_10pct right_padding_tablet_20px bottom_padding_desktop_10pct bottom_padding_tablet_20px flex_layout_desktop_column flex_justify_content_desktop_space-between flex_align_items_desktop_stretch flex_wrap_desktop_nowrap flex_reverse_desktop_false flex_gap_desktop_30px\"  data-using-bg=\"true\" data-border-radius=\"15px\" data-bg-cover=\"true\" data-padding-pos=\"all\" data-has-bg-color=\"false\" data-bg-color=\"\" data-bg-opacity=\"1\" data-animation=\"\" data-delay=\"0\" >\n\t\t<div class=\"vc_column-inner\" ><div class=\"column-image-bg-wrap column-bg-layer viewport-desktop\" data-bg-pos=\"center top\" data-bg-animation=\"none\" data-bg-overlay=\"false\"><div class=\"inner-wrap\"><div class=\"column-image-bg\" style=\" background-image: url('https:\/\/yachtprospain.com\/wp-content\/uploads\/2022\/11\/construccion-naval-mecanica.jpg'); \"><\/div><\/div><\/div>\n\t\t<div class=\"wpb_wrapper\">\n\t\t\t\n\t\t<\/div> \n\t<\/div>\n\t<\/div> \n<\/div><\/div><\/div><\/div><\/div><\/div><\/div>\n\t\t\t<\/div> \n\t\t<\/div>\n\t<\/div> \n<\/div><\/div>\n\t\t<div id=\"fws_69eff6ebbe1fb\"  data-column-margin=\"default\" data-midnight=\"dark\" data-top-percent=\"12%\" data-bottom-percent=\"12%\"  class=\"wpb_row vc_row-fluid vc_row full-width-content vc_row-o-equal-height vc_row-flex vc_row-o-content-middle parallax_section zindex-set right_padding_25pct left_padding_25pct right_padding_tablet_20pct right_padding_phone_24px left_padding_tablet_20pct left_padding_phone_24px\"  style=\"padding-top: calc(100vw * 0.12); padding-bottom: calc(100vw * 0.12);  z-index: 10;\"><div class=\"row-bg-wrap\" data-bg-animation=\"none\" data-bg-animation-delay=\"\" data-bg-overlay=\"false\"><div class=\"inner-wrap row-bg-layer\" ><div class=\"row-bg viewport-desktop using-bg-color\" data-parallax-speed=\"fast\" style=\"background-color: #ffffff; \"><\/div><\/div><\/div><div class=\"row_col_wrap_12 col span_12 dark left\">\n\t<div  class=\"vc_col-sm-12 wpb_column column_container vc_column_container col no-extra-padding inherit_tablet inherit_phone flex_gap_desktop_10px\"  data-padding-pos=\"right\" data-has-bg-color=\"false\" data-bg-color=\"\" data-bg-opacity=\"1\" data-animation=\"\" data-delay=\"0\" >\n\t\t<div class=\"vc_column-inner\" >\n\t\t\t<div class=\"wpb_wrapper\">\n\t\t\t\t<div id=\"fws_69eff6ebbe348\" data-midnight=\"\" data-column-margin=\"default\" class=\"wpb_row vc_row-fluid vc_row inner_row\"  style=\"padding-bottom: 3%; \"><div class=\"row-bg-wrap\"> <div class=\"row-bg\" ><\/div> <\/div><div class=\"row_col_wrap_12_inner col span_12  left\">\n\t<div  class=\"vc_col-sm-12 wpb_column column_container vc_column_container col child_column centered-text no-extra-padding inherit_tablet inherit_phone flex_gap_desktop_10px\"   data-padding-pos=\"all\" data-has-bg-color=\"false\" data-bg-color=\"\" data-bg-opacity=\"1\" data-animation=\"\" data-delay=\"0\" >\n\t\t<div class=\"vc_column-inner\" >\n\t\t<div class=\"wpb_wrapper\">\n\t\t\t<div class=\"nectar-responsive-text font_size_desktop_3vw font_size_tablet_5vw font_size_phone_8vw font_line_height_1-1 nectar-link-underline-effect\"><h3>Des solutions utiles \u00e0 vos questions sur nos services<\/h3>\n<\/div>\n\t\t<\/div> \n\t<\/div>\n\t<\/div> \n<\/div><\/div><div class=\"toggles accordion toggles--minimal-shadow\" data-br=\"20px\" data-starting=\"default\" data-style=\"minimal\"><div class=\"toggle default\" data-inner-wrap=\"true\"><h3 class=\"toggle-title\"><a href=\"#\" role=\"button\" class=\"nectar-inherit-h3 toggle-heading\"><i role=\"presentation\" class=\"fa fa-plus\"><\/i>Combien de temps dure l&#039;entretien de base d&#039;un moteur (vidange d&#039;huile, filtres et turbine)\u00a0?<\/a><\/h3><div><div class=\"inner-toggle-wrap\"><div class=\"nectar-responsive-text font_size_min_14px font_size_max_20px font_size_desktop_1vw font_line_height_1-6 nectar-link-underline-effect\"><p class=\"my-2 &#091;&amp;+p&#093;:mt-4 &#091;&amp;_strong:has(+br)&#093;:inline-block &#091;&amp;_strong:has(+br)&#093;:pb-2\">Cela d\u00e9pend de l&#039;acc\u00e8s au moteur, de ses heures d&#039;utilisation et de la disponibilit\u00e9 des pi\u00e8ces, mais l&#039;intervention est g\u00e9n\u00e9ralement planifi\u00e9e en une seule visite, avec une liste de contr\u00f4le. Pour vous donner un d\u00e9lai r\u00e9aliste, nous avons besoin de la marque et du mod\u00e8le, du nombre d&#039;heures de fonctionnement du moteur et du port.<\/p>\n<\/div><\/div><\/div><\/div><div class=\"toggle default\" data-inner-wrap=\"true\"><h3 class=\"toggle-title\"><a href=\"#\" role=\"button\" class=\"nectar-inherit-h3 toggle-heading\"><i role=\"presentation\" class=\"fa fa-plus\"><\/i>Qu\u2019est-ce qu\u2019un budget comprend et qu\u2019est-ce qu\u2019il ne comprend PAS (pour \u00e9viter les surprises)\u00a0?<\/a><\/h3><div><div class=\"inner-toggle-wrap\"><div class=\"nectar-responsive-text font_size_min_14px font_size_max_20px font_size_desktop_1vw font_line_height_1-6 nectar-link-underline-effect\"><p class=\"my-2 &#091;&amp;+p&#093;:mt-4 &#091;&amp;_strong:has(+br)&#093;:inline-block &#091;&amp;_strong:has(+br)&#093;:pb-2\">Un devis pr\u00e9cis d\u00e9taille\u00a0: la main-d\u2019\u0153uvre, les consommables, les pi\u00e8ces d\u00e9tach\u00e9es et les travaux ext\u00e9rieurs (le cas \u00e9ch\u00e9ant). Tout \u00e9l\u00e9ment ne pouvant \u00eatre confirm\u00e9 sans inspection (dommages cach\u00e9s, osmose, corrosion interne) est indiqu\u00e9 comme \u201c\u00a0\u00e0 confirmer apr\u00e8s inspection\u00a0\u201d.<\/p>\n<\/div><\/div><\/div><\/div><div class=\"toggle default\" data-inner-wrap=\"true\"><h3 class=\"toggle-title\"><a href=\"#\" role=\"button\" class=\"nectar-inherit-h3 toggle-heading\"><i role=\"presentation\" class=\"fa fa-plus\"><\/i>Travaillez-vous au port\/au mouillage ou le bateau doit-il \u00eatre achemin\u00e9 jusqu&#039;au chantier naval ?<\/a><\/h3><div><div class=\"inner-toggle-wrap\"><div class=\"nectar-fancy-ul font_size_min_14px font_size_max_20px font_size_desktop_1vw font_line_height_1-6\" data-list-icon=\"dot\" data-animation=\"false\" data-animation-delay=\"0\" data-spacing=\"5px\" data-alignment=\"left\"> \n<p class=\"my-2 &#091;&amp;+p&#093;:mt-4 &#091;&amp;_strong:has(+br)&#093;:inline-block &#091;&amp;_strong:has(+br)&#093;:pb-2\">Nous proposons une gamme compl\u00e8te de services \u00e0 quai (m\u00e9canique, \u00e9lectricit\u00e9 de base, entretien, nettoyage et petites r\u00e9parations). Si les travaux n\u00e9cessitent un pon\u00e7age\/peinture important, un levage ou un acc\u00e8s \u00e0 la coque sous la ligne de flottaison, une mise en cale s\u00e8che est la solution optimale pour des raisons de s\u00e9curit\u00e9 et de qualit\u00e9.<\/p>\n <\/div><\/div><\/div><\/div><div class=\"toggle default\" data-inner-wrap=\"true\"><h3 class=\"toggle-title\"><a href=\"#\" role=\"button\" class=\"nectar-inherit-h3 toggle-heading\"><i role=\"presentation\" class=\"fa fa-plus\"><\/i>R\u00e9parez-vous la fibre de verre et le gelcoat\u00a0? Comment savoir s\u2019il s\u2019agit d\u2019un probl\u00e8me purement esth\u00e9tique ou structurel\u00a0?<\/a><\/h3><div><div class=\"inner-toggle-wrap\"><div class=\"nectar-responsive-text font_size_min_14px font_size_max_20px font_size_desktop_1vw font_line_height_1-6 nectar-link-underline-effect\"><p class=\"my-2 &#091;&amp;+p&#093;:mt-4 &#091;&amp;_strong:has(+br)&#093;:inline-block &#091;&amp;_strong:has(+br)&#093;:pb-2\">Oui\u00a0: des fissures et bosses superficielles aux stratifications et renforts. Si des fissures s\u2019agrandissent, s\u2019il y a des zones molles, des fuites ou un d\u00e9laminage, il s\u2019agit g\u00e9n\u00e9ralement d\u2019un probl\u00e8me structurel n\u00e9cessitant une r\u00e9paration en profondeur, et pas seulement du gelcoat.<\/p>\n<\/div><\/div><\/div><\/div><div class=\"toggle default\" data-inner-wrap=\"true\"><h3 class=\"toggle-title\"><a href=\"#\" role=\"button\" class=\"nectar-inherit-h3 toggle-heading\"><i role=\"presentation\" class=\"fa fa-plus\"><\/i>Fabriquez-vous de la peinture polyur\u00e9thane, bicouche et tricouche\u00a0? Laquelle est la meilleure\u00a0?<\/a><\/h3><div><div class=\"inner-toggle-wrap\"><div class=\"nectar-responsive-text font_size_min_14px font_size_max_20px font_size_desktop_1vw font_line_height_1-6 nectar-link-underline-effect\"><p class=\"my-2 &#091;&amp;+p&#093;:mt-4 &#091;&amp;_strong:has(+br)&#093;:inline-block &#091;&amp;_strong:has(+br)&#093;:pb-2\">Oui. Le polyur\u00e9thane 2K est g\u00e9n\u00e9ralement la norme en mati\u00e8re de duret\u00e9 et de brillance\u00a0; les finitions \u00e0 deux ou trois couches sont choisies lorsque l\u2019on recherche un niveau de finition \u201c\u00a0haut de gamme\u00a0\u201d, une profondeur de couleur accrue et un meilleur contr\u00f4le du syst\u00e8me (primaire + couches).<\/p>\n<\/div><\/div><\/div><\/div><div class=\"toggle default\" data-inner-wrap=\"true\"><h3 class=\"toggle-title\"><a href=\"#\" role=\"button\" class=\"nectar-inherit-h3 toggle-heading\"><i role=\"presentation\" class=\"fa fa-plus\"><\/i>Peut-on restaurer la brillance sans peinture (polissage) et combien de temps cela dure-t-il\u00a0?<\/a><\/h3><div><div class=\"inner-toggle-wrap\"><div class=\"nectar-responsive-text font_size_min_14px font_size_max_20px font_size_desktop_1vw font_line_height_1-6 nectar-link-underline-effect\"><p class=\"my-2 &#091;&amp;+p&#093;:mt-4 &#091;&amp;_strong:has(+br)&#093;:inline-block &#091;&amp;_strong:has(+br)&#093;:pb-2\"><strong>Dans de nombreux cas, oui :<\/strong> Le polissage et la protection permettent de redonner de l&#039;\u00e9clat au gelcoat oxyd\u00e9 mais non br\u00fbl\u00e9. La dur\u00e9e de protection d\u00e9pend de l&#039;utilisation, de l&#039;exposition au soleil et de l&#039;entretien\u00a0; nous recommandons donc un lavage r\u00e9gulier et un programme de protection.<\/p>\n<\/div><\/div><\/div><\/div><div class=\"toggle default\" data-inner-wrap=\"true\"><h3 class=\"toggle-title\"><a href=\"#\" role=\"button\" class=\"nectar-inherit-h3 toggle-heading\"><i role=\"presentation\" class=\"fa fa-plus\"><\/i>Faites-vous de la menuiserie en teck et du calfeutrage\u00a0? Quand faut-il effectuer le calfeutrage\u00a0?<\/a><\/h3><div><div class=\"inner-toggle-wrap\"><div class=\"nectar-responsive-text font_size_min_14px font_size_max_20px font_size_desktop_1vw font_line_height_1-6 nectar-link-underline-effect\"><p class=\"my-2 &#091;&amp;+p&#093;:mt-4 &#091;&amp;_strong:has(+br)&#093;:inline-block &#091;&amp;_strong:has(+br)&#093;:pb-2\"><strong>Ouais:<\/strong> R\u00e9paration, pose et r\u00e9fection des joints en teck. Si les joints sont fissur\u00e9s, s&#039;\u00e9caillent, pr\u00e9sentent des taches noires ou laissent passer l&#039;eau, il est conseill\u00e9 de les r\u00e9\u00e9tanch\u00e9ifier avant que les d\u00e9g\u00e2ts ne s&#039;aggravent.<\/p>\n<\/div><\/div><\/div><\/div><div class=\"toggle default\" data-inner-wrap=\"true\"><h3 class=\"toggle-title\"><a href=\"#\" role=\"button\" class=\"nectar-inherit-h3 toggle-heading\"><i role=\"presentation\" class=\"fa fa-plus\"><\/i>De quelles informations avez-vous besoin pour me r\u00e9pondre rapidement via WhatsApp\u00a0?<\/a><\/h3><div><div class=\"inner-toggle-wrap\"><div class=\"nectar-responsive-text font_size_min_14px font_size_max_20px font_size_desktop_1vw font_line_height_1-6 nectar-link-underline-effect\"><p class=\"my-2 &#091;&amp;+p&#093;:mt-4 &#091;&amp;_strong:has(+br)&#093;:inline-block &#091;&amp;_strong:has(+br)&#093;:pb-2\">Port exact, type de navire, longueur approximative et photos\/vid\u00e9o du probl\u00e8me. Pour les d\u00e9tails m\u00e9caniques\u00a0: marque et mod\u00e8le du moteur, nombre d\u2019heures de fonctionnement et sympt\u00f4mes (d\u00e9marrage, temp\u00e9rature, fum\u00e9e, alarmes).<\/p>\n<\/div><\/div><\/div><\/div><div class=\"toggle default\" data-inner-wrap=\"true\"><h3 class=\"toggle-title\"><a href=\"#\" role=\"button\" class=\"nectar-inherit-h3 toggle-heading\"><i role=\"presentation\" class=\"fa fa-plus\"><\/i>Proposez-vous une garantie sur les travaux et une facture (pour l&#039;assurance ou la revente)\u00a0?<\/a><\/h3><div><div class=\"inner-toggle-wrap\"><div class=\"nectar-responsive-text font_size_min_14px font_size_max_20px font_size_desktop_1vw font_line_height_1-6 nectar-link-underline-effect\"><p class=\"my-2 &#091;&amp;+p&#093;:mt-4 &#091;&amp;_strong:has(+br)&#093;:inline-block &#091;&amp;_strong:has(+br)&#093;:pb-2\">Oui, il est courant de documenter le travail effectu\u00e9 et les mat\u00e9riaux utilis\u00e9s \u00e0 des fins de tra\u00e7abilit\u00e9. Si l&#039;objectif est l&#039;assurance ou la revente, veuillez nous en informer afin que nous puissions pr\u00e9parer des photos du processus et les d\u00e9tails des pi\u00e8ces d\u00e9tach\u00e9es.<\/p>\n<\/div><\/div><\/div><\/div><div class=\"toggle default\" data-inner-wrap=\"true\"><h3 class=\"toggle-title\"><a href=\"#\" role=\"button\" class=\"nectar-inherit-h3 toggle-heading\"><i role=\"presentation\" class=\"fa fa-plus\"><\/i>Disposez-vous d&#039;un service d&#039;assistance en cas d&#039;urgence pendant la haute saison (panne avant le d\u00e9part)\u00a0?<\/a><\/h3><div><div class=\"inner-toggle-wrap\"><div class=\"nectar-responsive-text font_size_min_14px font_size_max_20px font_size_desktop_1vw font_line_height_1-6 nectar-link-underline-effect\"><p class=\"my-2 &#091;&amp;+p&#093;:mt-4 &#091;&amp;_strong:has(+br)&#093;:inline-block &#091;&amp;_strong:has(+br)&#093;:pb-2\">Nous traitons en priorit\u00e9 les urgences qui affectent la s\u00e9curit\u00e9 ou immobilisent le navire, selon les disponibilit\u00e9s. Pour acc\u00e9l\u00e9rer le traitement, veuillez indiquer \u201c\u00a0urgent\u00a0\u201d, le port et la nature du probl\u00e8me (par exemple\u00a0: alarme de temp\u00e9rature, impossibilit\u00e9 de d\u00e9marrage, voie d\u2019eau).<\/p>\n<\/div><\/div><\/div><\/div><\/div>\n\t\t\t<\/div> \n\t\t<\/div>\n\t<\/div> \n<\/div><\/div>\n\t\t<div id=\"fws_69eff6ebbf470\"  data-column-margin=\"default\" data-midnight=\"dark\"  class=\"wpb_row vc_row-fluid vc_row full-width-section has-row-bg-color\"  style=\"padding-top: 0px; padding-bottom: 0px; --row-bg-color: #ffffff;\"><div class=\"row-bg-wrap\" data-bg-animation=\"none\" data-bg-animation-delay=\"\" data-bg-overlay=\"true\"><div class=\"inner-wrap row-bg-layer\" ><div class=\"row-bg viewport-desktop using-bg-color\"  style=\"background-color: #ffffff; \"><\/div><\/div><div class=\"row-bg-overlay row-bg-layer\" style=\"background-color:#ffffff;  opacity: 0.3; \"><\/div><\/div><div class=\"row_col_wrap_12 col span_12 dark left\">\n\t<div  class=\"vc_col-sm-12 wpb_column column_container vc_column_container col centered-text no-extra-padding inherit_tablet inherit_phone\"  data-padding-pos=\"all\" data-has-bg-color=\"false\" data-bg-color=\"\" data-bg-opacity=\"1\" data-animation=\"\" data-delay=\"0\" >\n\t\t<div class=\"vc_column-inner\" >\n\t\t\t<div class=\"wpb_wrapper\">\n\t\t\t\t<div class=\"divider-wrap\" data-alignment=\"default\"><div style=\"height: 25px;\" class=\"divider\"><\/div><\/div>\n<div class=\"wpb_text_column wpb_content_element  wpb_animate_when_almost_visible wpb_fadeIn fadeIn\" >\n\t<p style=\"text-align: center;\"><strong>Dans <a href=\"https:\/\/yachtprospain.com\/fr\/\">Yachtpro Espagne<\/a> Nous prenons soin de votre bateau comme si c&#039;\u00e9tait le n\u00f4tre :<\/strong> R\u00e9paration, entretien et r\u00e9glage dans une approche pr\u00e9ventive pour naviguer en toute s\u00e9curit\u00e9 et sans surprises.<\/p>\n<p style=\"text-align: center;\"><strong>Nous travaillons \u00e0 Malaga et sur toute la Costa del Sol avec un service clair\u00a0:<\/strong> Avant toute intervention, nous \u00e9tablirons un diagnostic, vous proposerons une solution et vous indiquerons le d\u00e9lai estim\u00e9. Demandez votre devis via WhatsApp ou notre formulaire en ligne en pr\u00e9cisant votre port d&#039;attache, la longueur de votre navire, le type de moteur et la nature du probl\u00e8me\u00a0; nous vous ferons parvenir un plan d&#039;intervention d\u00e9taill\u00e9.<\/p>\n<\/div>\n\n\n\n<div class=\"nectar-cta  border_radius_100px alignment_tablet_default alignment_phone_default display_tablet_inherit display_phone_inherit\" data-color=\"extra-color-gradient-1\" data-using-bg=\"true\" data-style=\"text-reveal\" data-display=\"inline\" data-alignment=\"center\" data-text-color=\"custom\" style=\"margin-top: 20px;  --nectar-text-color: #F6F4F0; --nectar-button-color: var(--nectar-extra-color-gradient-1); --nectar-icon-gap: 20px; \"><span style=\"color: #F6F4F0;\" class=\"nectar-button-type\"><span class=\"link_wrap\" style=\"padding-top: 0.5em; padding-right: 1.4em; padding-bottom: 0.5em; padding-left: 1.4em;\"><a  rel=\"nofollow\" class=\"link_text\" role=\"button\" href=\"https:\/\/wa.me\/34634471250?text=Hola%20YachtPro%20Spain,%20quiero%20confirmar%20disponibilidad%20para%20el%20velero%20Mami%20(Jeanneau%20Sun%20Odyssey%20389)%20el%20%5BFECHA%5D%20a%20las%20%5BHORA%5D%20para%20%5BPERSONAS%5D%20personas.\"><span class=\"text nectar-text-reveal-button__text\" data-text=\"Consulta sin compromiso\">Consultation gratuite<\/span><\/a><\/span><\/span><\/div><div class=\"divider-wrap\" data-alignment=\"default\"><div style=\"height: 100px;\" class=\"divider\"><\/div><\/div>\n\t\t\t<\/div> \n\t\t<\/div>\n\t<\/div> \n<\/div><\/div>\n\t\t<div id=\"fws_69eff6ebbf73a\"  data-column-margin=\"custom\" data-midnight=\"dark\" data-top-percent=\"5%\" data-bottom-percent=\"10%\"  class=\"wpb_row vc_row-fluid vc_row full-width-section\"  style=\"padding-top: calc(100vw * 0.05); padding-bottom: calc(100vw * 0.10); \"><div class=\"row-bg-wrap\" data-bg-animation=\"none\" data-bg-animation-delay=\"\" data-bg-overlay=\"false\"><div class=\"inner-wrap row-bg-layer\" ><div class=\"row-bg viewport-desktop\"  style=\"\"><\/div><\/div><\/div><div class=\"row_col_wrap_12 col span_12 dark left\">\n\t<div  class=\"vc_col-sm-12 wpb_column column_container vc_column_container col no-extra-padding el_spacing_0px inherit_tablet inherit_phone flex_gap_desktop_10px\"  data-padding-pos=\"all\" data-has-bg-color=\"false\" data-bg-color=\"\" data-bg-opacity=\"1\" data-animation=\"\" data-delay=\"0\" >\n\t\t<div class=\"vc_column-inner\" >\n\t\t\t<div class=\"wpb_wrapper\">\n\t\t\t\t<div class='nectar-post-grid-wrap text-color-dark additional-meta-size-small spacing-15px' data-el-settings='{\"post_type\":\"post\",\"pagination\":\"none\",\"image_size\":\"full\",\"parallax_scrolling\":\"\",\"aspect_ratio_image_size\":\"\",\"category_position\":\"default\",\"category_display\":\"default\",\"display_categories\":\"0\",\"display_excerpt\":\"0\",\"excerpt_length\":\"20\",\"content_next_to_image_excerpt_pos\":\"default\",\"display_date\":\"yes\",\"display_estimated_reading_time\":\"0\",\"display_author\":\"yes\",\"author_functionality\":\"default\",\"author_position\":\"multiline\",\"color_overlay\":\"\",\"color_overlay_opacity\":\"\",\"color_overlay_hover_opacity\":\"\",\"card_bg_color\":\"\",\"grid_style\":\"content_under_image\",\"hover_effect\":\"zoom\",\"post_title_overlay\":\"\",\"heading_tag\":\"default\",\"heading_tag_render\":\"default\",\"enable_gallery_lightbox\":\"0\",\"remove_links\":\"0\",\"category_style\":\"underline\",\"overlay_secondary_project_image\":\"\",\"vertical_list_hover_effect\":\"none\",\"vertical_list_read_more\":\"\",\"vertical_list_read_more_style\":\"text\",\"read_more_button\":\"0\",\"animation\":\"zoom-out-reveal\",\"custom_fields\":\"\",\"custom_fields_location\":\"before_post_meta\",\"display_type\":\"grid\",\"text_content_layout\":\"top_left\"}' data-style='content_under_image' data-query='{\"post_type\":\"post\",\"posts_per_page\":\"3\",\"order\":\"DESC\",\"orderby\":\"date\",\"offset\":\"0\",\"cpt_name\":\"post\",\"custom_query_tax\":\"\",\"ignore_sticky_posts\":\"\",\"exclude_current_post\":\"\"}' data-load-more-color='black' data-load-more-text='Load More'><div class=\"nectar-post-grid-filters\" data-active-color=\"default\" data-align=\"default\" data-animation=\"zoom-out-reveal\" data-sortable=\"\"><div><a href=\"#\" class=\"active  all-filter\" data-total-count=\"17\" data-filter=\"-1\">All<\/a><a href=\"#\" data-filter=\"actividades-nauticas-2\" data-total-count=\"3\">Activit\u00e9s nautiques<\/a><a href=\"#\" data-filter=\"desconocidas\" data-total-count=\"8\">Inconnu<\/a><a href=\"#\" data-filter=\"motos-de-agua-jet-ski-2\" data-total-count=\"10\">Jet skis<\/a><a href=\"#\" data-filter=\"nautico\" data-total-count=\"13\">Nautique<\/a><a href=\"#\" data-filter=\"renta-de-barcos-2-es\" data-total-count=\"1\">location de bateaux et d&#039;embarcations<\/a><a href=\"#\" data-filter=\"turismo\" data-total-count=\"3\">Tourisme<\/a><a href=\"#\" data-filter=\"turismo-y-naturaleza\" data-total-count=\"1\">Tourisme et nature<\/a><\/div><\/div><div class=\"nectar-post-grid custom_font_size_1vw font_size_min_16px font_size_max_24px layout-vert_staggered_middle category-position-before-title meta-display-large_items_only\" data-indicator=\"\" data-indicator-style=\"default\" data-indicator-text-color=\"#fff\" data-indicator-color=\"#000\" data-indicator-text=\"View\" data-masonry=\"yes\" data-columns=\"4\" data-hover-effect=\"zoom\" data-text-style=\"default\" data-border-radius=\"10px\" data-grid-item-height=\"50vh\" data-grid-spacing=\"15px\" data-text-layout=\"top_left\" data-text-color=\"dark\" data-text-hover-color=\"dark\" data-shadow-hover=\"yes\" data-animation=\"zoom-out-reveal\" data-animation-stagger=\"1\" data-cat-click=\"default\"  data-lock-aspect=\"\"  data-text-align=\"left\" data-card=\"\" style=\"--post-grid-border-radius:10px;\" ><div class=\"nectar-post-grid-item\" data-post-id=\"11226\" data-has-img=\"true\"> <div class=\"inner\"><div class=\"nectar-post-grid-item-bg-wrap\"><div class=\"nectar-post-grid-item-bg-wrap-inner\"><div class=\"nectar-post-grid-item-bg\"><img loading=\"lazy\" decoding=\"async\" class=\"nectar-lazy skip-lazy nectar-post-grid-item-bg__media\" src=\"data:image\/svg+xml;charset=utf-8,%3Csvg%20xmlns%3D'http%3A%2F%2Fwww.w3.org%2F2000%2Fsvg'%20viewBox%3D'0%200%201500%201000'%2F%3E\" alt=\"Barco Sin Licencia en Malaga: Como Funciona y Para Quien Conviene Preparando el barco para zarpar en M\u00e1laga | Gu\u00eda profesional para alquilar un barco en la Costa del Sol\" height=\"1000\" width=\"1500\" data-nectar-img-src=\"https:\/\/yachtprospain.com\/wp-content\/uploads\/2025\/10\/Brindis-frente-al-mar-_-Alquiler-de-barcos-YachtPro-Spain.avif\" data-nectar-img-srcset=\"https:\/\/yachtprospain.com\/wp-content\/uploads\/2025\/10\/Brindis-frente-al-mar-_-Alquiler-de-barcos-YachtPro-Spain.avif 1500w, https:\/\/yachtprospain.com\/wp-content\/uploads\/2025\/10\/Brindis-frente-al-mar-_-Alquiler-de-barcos-YachtPro-Spain-300x200.avif 300w, https:\/\/yachtprospain.com\/wp-content\/uploads\/2025\/10\/Brindis-frente-al-mar-_-Alquiler-de-barcos-YachtPro-Spain-1024x683.avif 1024w, https:\/\/yachtprospain.com\/wp-content\/uploads\/2025\/10\/Brindis-frente-al-mar-_-Alquiler-de-barcos-YachtPro-Spain-768x512.avif 768w, https:\/\/yachtprospain.com\/wp-content\/uploads\/2025\/10\/Brindis-frente-al-mar-_-Alquiler-de-barcos-YachtPro-Spain-600x400.avif 600w\" sizes=\"auto, (max-width: 1500px) 100vw, 1500px\" \/><\/div><\/div><\/div><div class=\"content\"><a class=\"nectar-post-grid-link\" href=\"https:\/\/yachtprospain.com\/fr\/barco-sin-licencia-malaga\/\" ><span class=\"screen-reader-text\">Navigation de plaisance sans permis \u00e0 Malaga\u00a0: fonctionnement et public cible<\/span><\/a><div class=\"item-main\"><h3 class=\"post-heading\"><div class=\"nectar-split-heading custom-trigger\" data-align=\"default\" data-m-align=\"inherit\" data-text-effect=\"default\" data-animation-type=\"line-reveal-by-space\" data-animation-delay=\"\" data-animation-offset=\"\" data-m-rm-animation=\"\" data-stagger=\"true\"><p>Navigation de plaisance sans permis \u00e0 Malaga\u00a0: fonctionnement et public cible<\/p><\/div><\/h3><span class=\"nectar-post-grid-item__meta-wrap\"><\/span><span class=\"meta-author\"><img alt='YacthProSpain' src='https:\/\/secure.gravatar.com\/avatar\/5aca409af6a6b4dcdf2a1bfcba536931008c4189bec305a3dba352e5da0d2155?s=40&#038;d=mm&#038;r=g' srcset='https:\/\/secure.gravatar.com\/avatar\/5aca409af6a6b4dcdf2a1bfcba536931008c4189bec305a3dba352e5da0d2155?s=80&#038;d=mm&#038;r=g 2x' class='avatar avatar-40 photo' height='40' width='40' \/><span class=\"meta-author-inner\"><a href=\"https:\/\/yachtprospain.com\/fr\/author\/admin\/\"><span class=\"meta-author-name\">YachtProSpain<\/span><\/a><span><span class=\"meta-date\">3 avril 2026<\/span><\/span><\/span><\/span><\/div><\/div><\/div><\/div><div class=\"nectar-post-grid-item\" data-post-id=\"11146\" data-has-img=\"true\"> <div class=\"inner\"><div class=\"nectar-post-grid-item-bg-wrap\"><div class=\"nectar-post-grid-item-bg-wrap-inner\"><div class=\"nectar-post-grid-item-bg\"><img loading=\"lazy\" decoding=\"async\" class=\"nectar-lazy skip-lazy nectar-post-grid-item-bg__media\" src=\"data:image\/svg+xml;charset=utf-8,%3Csvg%20xmlns%3D'http%3A%2F%2Fwww.w3.org%2F2000%2Fsvg'%20viewBox%3D'0%200%201920%201076'%2F%3E\" alt=\"Renta de Motos de Agua para Eventos alquiler motos de agua grupos preparaci\u00f3n de evento en el mar\" height=\"1076\" width=\"1920\" data-nectar-img-src=\"https:\/\/yachtprospain.com\/wp-content\/uploads\/2026\/03\/alquiler-motos-de-agua-grupos-organizacion-de-actividades-acuaticas.webp\" data-nectar-img-srcset=\"https:\/\/yachtprospain.com\/wp-content\/uploads\/2026\/03\/alquiler-motos-de-agua-grupos-organizacion-de-actividades-acuaticas.webp 1920w, https:\/\/yachtprospain.com\/wp-content\/uploads\/2026\/03\/alquiler-motos-de-agua-grupos-organizacion-de-actividades-acuaticas-300x168.webp 300w, https:\/\/yachtprospain.com\/wp-content\/uploads\/2026\/03\/alquiler-motos-de-agua-grupos-organizacion-de-actividades-acuaticas-1024x574.webp 1024w, https:\/\/yachtprospain.com\/wp-content\/uploads\/2026\/03\/alquiler-motos-de-agua-grupos-organizacion-de-actividades-acuaticas-768x430.webp 768w, https:\/\/yachtprospain.com\/wp-content\/uploads\/2026\/03\/alquiler-motos-de-agua-grupos-organizacion-de-actividades-acuaticas-1536x861.webp 1536w, https:\/\/yachtprospain.com\/wp-content\/uploads\/2026\/03\/alquiler-motos-de-agua-grupos-organizacion-de-actividades-acuaticas-18x10.webp 18w, https:\/\/yachtprospain.com\/wp-content\/uploads\/2026\/03\/alquiler-motos-de-agua-grupos-organizacion-de-actividades-acuaticas-600x336.webp 600w\" sizes=\"auto, (max-width: 1920px) 100vw, 1920px\" \/><\/div><\/div><\/div><div class=\"content\"><a class=\"nectar-post-grid-link\" href=\"https:\/\/yachtprospain.com\/fr\/renta-de-motos-de-agua-para-eventos-y-grupos-g\/\" ><span class=\"screen-reader-text\">Location de jet-skis pour \u00e9v\u00e9nements et grands groupes \u00e0 Marbella et Fuengirola<\/span><\/a><div class=\"item-main\"><h3 class=\"post-heading\"><div class=\"nectar-split-heading custom-trigger\" data-align=\"default\" data-m-align=\"inherit\" data-text-effect=\"default\" data-animation-type=\"line-reveal-by-space\" data-animation-delay=\"\" data-animation-offset=\"\" data-m-rm-animation=\"\" data-stagger=\"true\"><p>Location de jet-skis pour \u00e9v\u00e9nements et grands groupes \u00e0 Marbella et Fuengirola<\/p><\/div><\/h3><span class=\"nectar-post-grid-item__meta-wrap\"><\/span><span class=\"meta-author\"><img alt='YacthProSpain' src='https:\/\/secure.gravatar.com\/avatar\/5aca409af6a6b4dcdf2a1bfcba536931008c4189bec305a3dba352e5da0d2155?s=40&#038;d=mm&#038;r=g' srcset='https:\/\/secure.gravatar.com\/avatar\/5aca409af6a6b4dcdf2a1bfcba536931008c4189bec305a3dba352e5da0d2155?s=80&#038;d=mm&#038;r=g 2x' class='avatar avatar-40 photo' height='40' width='40' \/><span class=\"meta-author-inner\"><a href=\"https:\/\/yachtprospain.com\/fr\/author\/admin\/\"><span class=\"meta-author-name\">YachtProSpain<\/span><\/a><span><span class=\"meta-date\">17 mars 2026<\/span><\/span><\/span><\/span><\/div><\/div><\/div><\/div><div class=\"nectar-post-grid-item\" data-post-id=\"11128\" data-has-img=\"true\"> <div class=\"inner\"><div class=\"nectar-post-grid-item-bg-wrap\"><div class=\"nectar-post-grid-item-bg-wrap-inner\"><div class=\"nectar-post-grid-item-bg\"><img loading=\"lazy\" decoding=\"async\" class=\"nectar-lazy skip-lazy nectar-post-grid-item-bg__media\" src=\"data:image\/svg+xml;charset=utf-8,%3Csvg%20xmlns%3D'http%3A%2F%2Fwww.w3.org%2F2000%2Fsvg'%20viewBox%3D'0%200%201920%201280'%2F%3E\" alt=\"Moto de agua preparada en la orilla antes de comenzar la actividad. La seguridad moto de agua comienza con una revisi\u00f3n del equipo, el estado del veh\u00edculo y el uso de accesorios adecuados.\" height=\"1280\" width=\"1920\" data-nectar-img-src=\"https:\/\/yachtprospain.com\/wp-content\/uploads\/2026\/03\/seguridad-moto-de-agua-preparacion-del-jetski-antes-de-navegar.webp\" data-nectar-img-srcset=\"https:\/\/yachtprospain.com\/wp-content\/uploads\/2026\/03\/seguridad-moto-de-agua-preparacion-del-jetski-antes-de-navegar.webp 1920w, https:\/\/yachtprospain.com\/wp-content\/uploads\/2026\/03\/seguridad-moto-de-agua-preparacion-del-jetski-antes-de-navegar-300x200.webp 300w, https:\/\/yachtprospain.com\/wp-content\/uploads\/2026\/03\/seguridad-moto-de-agua-preparacion-del-jetski-antes-de-navegar-1024x683.webp 1024w, https:\/\/yachtprospain.com\/wp-content\/uploads\/2026\/03\/seguridad-moto-de-agua-preparacion-del-jetski-antes-de-navegar-768x512.webp 768w, https:\/\/yachtprospain.com\/wp-content\/uploads\/2026\/03\/seguridad-moto-de-agua-preparacion-del-jetski-antes-de-navegar-1536x1024.webp 1536w, https:\/\/yachtprospain.com\/wp-content\/uploads\/2026\/03\/seguridad-moto-de-agua-preparacion-del-jetski-antes-de-navegar-18x12.webp 18w, https:\/\/yachtprospain.com\/wp-content\/uploads\/2026\/03\/seguridad-moto-de-agua-preparacion-del-jetski-antes-de-navegar-600x400.webp 600w\" sizes=\"auto, (max-width: 1920px) 100vw, 1920px\" \/><\/div><\/div><\/div><div class=\"content\"><a class=\"nectar-post-grid-link\" href=\"https:\/\/yachtprospain.com\/fr\/seguridad-moto-de-agua-que-llevar\/\" ><span class=\"screen-reader-text\">S\u00e9curit\u00e9 en jet ski : que faut-il emporter et comment se prot\u00e9ger<\/span><\/a><div class=\"item-main\"><h3 class=\"post-heading\"><div class=\"nectar-split-heading custom-trigger\" data-align=\"default\" data-m-align=\"inherit\" data-text-effect=\"default\" data-animation-type=\"line-reveal-by-space\" data-animation-delay=\"\" data-animation-offset=\"\" data-m-rm-animation=\"\" data-stagger=\"true\"><p>S\u00e9curit\u00e9 en jet ski : que faut-il emporter et comment se prot\u00e9ger<\/p><\/div><\/h3><span class=\"nectar-post-grid-item__meta-wrap\"><\/span><span class=\"meta-author\"><img alt='YacthProSpain' src='https:\/\/secure.gravatar.com\/avatar\/5aca409af6a6b4dcdf2a1bfcba536931008c4189bec305a3dba352e5da0d2155?s=40&#038;d=mm&#038;r=g' srcset='https:\/\/secure.gravatar.com\/avatar\/5aca409af6a6b4dcdf2a1bfcba536931008c4189bec305a3dba352e5da0d2155?s=80&#038;d=mm&#038;r=g 2x' class='avatar avatar-40 photo' height='40' width='40' \/><span class=\"meta-author-inner\"><a href=\"https:\/\/yachtprospain.com\/fr\/author\/admin\/\"><span class=\"meta-author-name\">YachtProSpain<\/span><\/a><span><span class=\"meta-date\">17 mars 2026<\/span><\/span><\/span><\/span><\/div><\/div><\/div><\/div><\/div><\/div>\n\t\t\t<\/div> \n\t\t<\/div>\n\t<\/div> \n<\/div><\/div>","protected":false},"excerpt":{"rendered":"La seguridad moto de agua es fundamental para disfrutar de una experiencia inolvidable sin riesgos en el Mediterr\u00e1neo. Si est\u00e1s planeando alquilar una moto acu\u00e1tica en la Costa del Sol,...","protected":false},"author":1,"featured_media":0,"parent":0,"menu_order":0,"comment_status":"closed","ping_status":"closed","template":"","meta":{"jetpack_post_was_ever_published":false,"_joinchat":[],"footnotes":""},"tags":[],"class_list":["post-111","page","type-page","status-publish"],"_hostinger_reach_plugin_has_subscription_block":false,"_hostinger_reach_plugin_is_elementor":false,"jetpack_shortlink":"https:\/\/wp.me\/P9sOOi-1N","jetpack_sharing_enabled":false,"_links":{"self":[{"href":"https:\/\/yachtprospain.com\/fr\/wp-json\/wp\/v2\/pages\/111","targetHints":{"allow":["GET"]}}],"collection":[{"href":"https:\/\/yachtprospain.com\/fr\/wp-json\/wp\/v2\/pages"}],"about":[{"href":"https:\/\/yachtprospain.com\/fr\/wp-json\/wp\/v2\/types\/page"}],"author":[{"embeddable":true,"href":"https:\/\/yachtprospain.com\/fr\/wp-json\/wp\/v2\/users\/1"}],"replies":[{"embeddable":true,"href":"https:\/\/yachtprospain.com\/fr\/wp-json\/wp\/v2\/comments?post=111"}],"version-history":[{"count":17,"href":"https:\/\/yachtprospain.com\/fr\/wp-json\/wp\/v2\/pages\/111\/revisions"}],"predecessor-version":[{"id":10741,"href":"https:\/\/yachtprospain.com\/fr\/wp-json\/wp\/v2\/pages\/111\/revisions\/10741"}],"wp:attachment":[{"href":"https:\/\/yachtprospain.com\/fr\/wp-json\/wp\/v2\/media?parent=111"}],"wp:term":[{"taxonomy":"post_tag","embeddable":true,"href":"https:\/\/yachtprospain.com\/fr\/wp-json\/wp\/v2\/tags?post=111"}],"curies":[{"name":"wp","href":"https:\/\/api.w.org\/{rel}","templated":true}]}}